{"id":371,"date":"2021-07-01T12:57:36","date_gmt":"2021-07-01T10:57:36","guid":{"rendered":"http:\/\/hiregxw.cluster026.hosting.ovh.net\/?page_id=371"},"modified":"2025-10-23T00:41:59","modified_gmt":"2025-10-22T22:41:59","slug":"371-2","status":"publish","type":"page","link":"https:\/\/www.festivalcinemaenliberte.com\/index.php\/371-2\/","title":{"rendered":"Edition 2021"},"content":{"rendered":"\t\t<div data-elementor-type=\"wp-page\" data-elementor-id=\"371\" class=\"elementor elementor-371\">\n\t\t\t\t<div class=\"elementor-element elementor-element-0dc8013 e-flex e-con-boxed wpr-particle-no wpr-jarallax-no wpr-parallax-no wpr-sticky-section-no wpr-equal-height-no e-con e-parent\" data-id=\"0dc8013\" data-element_type=\"container\" data-e-type=\"container\">\n\t\t\t\t\t<div class=\"e-con-inner\">\n\t\t\t\t<div class=\"elementor-element elementor-element-0c80308 elementor-widget elementor-widget-spacer\" data-id=\"0c80308\" data-element_type=\"widget\" data-e-type=\"widget\" data-widget_type=\"spacer.default\">\n\t\t\t\t<div class=\"elementor-widget-container\">\n\t\t\t\t\t\t\t<div class=\"elementor-spacer\">\n\t\t\t<div class=\"elementor-spacer-inner\"><\/div>\n\t\t<\/div>\n\t\t\t\t\t\t<\/div>\n\t\t\t\t<\/div>\n\t\t\t\t\t<\/div>\n\t\t\t\t<\/div>\n\t\t<div class=\"elementor-element elementor-element-6c95d27c e-flex e-con-boxed wpr-particle-no wpr-jarallax-no wpr-parallax-no wpr-sticky-section-no wpr-equal-height-no e-con e-parent\" data-id=\"6c95d27c\" data-element_type=\"container\" data-e-type=\"container\">\n\t\t\t\t\t<div class=\"e-con-inner\">\n\t\t\t\t<div class=\"elementor-element elementor-element-25aa3cee elementor-widget elementor-widget-text-editor\" data-id=\"25aa3cee\" data-element_type=\"widget\" data-e-type=\"widget\" data-widget_type=\"text-editor.default\">\n\t\t\t\t<div class=\"elementor-widget-container\">\n\t\t\t\t\t\t\t\t\t<p style=\"text-align: center;\"><span style=\"font-family: arial, helvetica, sans-serif; font-size: x-large;\"><span style=\"text-decoration: underline;\"><strong>BIENVENUE AU FESTIVAL INTERNATIONAL DE COURT METRAGE \u00ab\u00a0CIN\u00c9MA EN LIBERT\u00c9\u00a0\u00bb\u00a0<\/strong><\/span><\/span><\/p><p>\u00a0<\/p><p style=\"text-align: left;\"><strong>VENDREDI 27 AOUT TOUR ROYALE :<\/strong><\/p><p>\u00a0<\/p><ul><li style=\"text-align: left;\">Ouverture des portes : 19h00<\/li><\/ul><p style=\"text-align: center;\"><img fetchpriority=\"high\" decoding=\"async\" class=\"alignleft wp-image-527 size-full\" src=\"https:\/\/www.festivalcinemaenliberte.com\/wp-content\/uploads\/2021\/07\/3709seve04.webp\" alt=\"\" width=\"1280\" height=\"871\" srcset=\"https:\/\/www.festivalcinemaenliberte.com\/wp-content\/uploads\/2021\/07\/3709seve04.webp 1280w, https:\/\/www.festivalcinemaenliberte.com\/wp-content\/uploads\/2021\/07\/3709seve04-150x102.webp 150w, https:\/\/www.festivalcinemaenliberte.com\/wp-content\/uploads\/2021\/07\/3709seve04-300x204.jpg 300w, https:\/\/www.festivalcinemaenliberte.com\/wp-content\/uploads\/2021\/07\/3709seve04-768x523.jpg 768w, https:\/\/www.festivalcinemaenliberte.com\/wp-content\/uploads\/2021\/07\/3709seve04-1024x697.jpg 1024w, https:\/\/www.festivalcinemaenliberte.com\/wp-content\/uploads\/2021\/07\/3709seve04-441x300.jpg 441w, https:\/\/www.festivalcinemaenliberte.com\/wp-content\/uploads\/2021\/07\/3709seve04-24x16.jpg 24w, https:\/\/www.festivalcinemaenliberte.com\/wp-content\/uploads\/2021\/07\/3709seve04-36x24.jpg 36w, https:\/\/www.festivalcinemaenliberte.com\/wp-content\/uploads\/2021\/07\/3709seve04-48x33.jpg 48w\" sizes=\"(max-width: 1280px) 100vw, 1280px\" \/><\/p><p>\u00a0<\/p><p>\u00a0<\/p><p>\u00a0<\/p><p>\u00a0<\/p><p>\u00a0<\/p><p>\u00a0<\/p><p>\u00a0<\/p><p style=\"text-align: left;\"><iframe style=\"border: 0;\" src=\"https:\/\/www.google.com\/maps\/embed?pb=!1m18!1m12!1m3!1d2913.082471318155!2d5.923644615710009!3d43.10278169586495!2m3!1f0!2f0!3f0!3m2!1i1024!2i768!4f13.1!3m3!1m2!1s0x12c91b63e87e35fd%3A0xef8171fc6bff1a5f!2sLa%20Tour%20Royale!5e0!3m2!1sfr!2sfr!4v1627050831653!5m2!1sfr!2sfr\" width=\"400\" height=\"300\" allowfullscreen=\"allowfullscreen\"><\/iframe><\/p><p>\u00a0<\/p><ul><li>Concert : 19h30 &#8211; 20h30 :\u00a0 <strong>MODESTY BLUE<\/strong><ul><li style=\"list-style-type: none;\"><ul><li>Ce trio est n\u00e9 au conservatoire de Toulon de la rencontre entre un professeur de clarinette Laurent ,Virginie qui enseigne la musique au coll\u00e8ge et Guillaume qui est \u00e9tudiant.<\/li><\/ul><\/li><\/ul><\/li><\/ul><p>\u00a0<\/p><p><img decoding=\"async\" class=\"alignleft wp-image-515 size-full\" src=\"https:\/\/www.festivalcinemaenliberte.com\/wp-content\/uploads\/2021\/07\/modesty.webp\" alt=\"\" width=\"960\" height=\"720\" srcset=\"https:\/\/www.festivalcinemaenliberte.com\/wp-content\/uploads\/2021\/07\/modesty.webp 960w, https:\/\/www.festivalcinemaenliberte.com\/wp-content\/uploads\/2021\/07\/modesty-150x113.webp 150w\" sizes=\"(max-width: 960px) 100vw, 960px\" \/><\/p><p>\u00a0<\/p><p>\u00a0<\/p><p>\u00a0<\/p><p>\u00a0<\/p><p>\u00a0<\/p><p>\u00a0<\/p><p>\u00a0<\/p><p>\u00a0<\/p><p style=\"text-align: left;\"><a href=\"https:\/\/www.facebook.com\/profile.php?id=100063473767901\" target=\"_blank\" rel=\"noopener\">Retrouver les sur Facebook<\/a><\/p><p>\u00a0<\/p><ul><li>Pr\u00e9sentation du festival : 20h45<\/li><li>Projection premi\u00e8re partie : 2Ih00 -22h30<\/li><li>Entracte et pr\u00e9sentation des r\u00e9alisateurs pr\u00e9sents: 22h30 -23h00<\/li><li>Projection deuxi\u00e8me partie : 23h00 &#8211; 00h30<\/li><li>Cl\u00f4ture de l\u2019\u00e9v\u00e8nement\u00a0: 00h30<\/li><li>Fermeture des portes : 1h00<\/li><\/ul><p>\u00a0<\/p><p style=\"text-align: left;\"><strong>SAMEDI 28 AOUT LA BOBINE DES PITCHOUNES MEDIATHEQUE DE CHALUCET<\/strong><\/p><p>\u00a0<\/p><p style=\"text-align: center;\"><img decoding=\"async\" class=\"alignleft wp-image-559 size-full\" src=\"https:\/\/www.festivalcinemaenliberte.com\/wp-content\/uploads\/2021\/07\/chalucet.webp\" alt=\"\" width=\"2000\" height=\"1114\" srcset=\"https:\/\/www.festivalcinemaenliberte.com\/wp-content\/uploads\/2021\/07\/chalucet.webp 2000w, https:\/\/www.festivalcinemaenliberte.com\/wp-content\/uploads\/2021\/07\/chalucet-300x167.webp 300w, https:\/\/www.festivalcinemaenliberte.com\/wp-content\/uploads\/2021\/07\/chalucet-1024x570.webp 1024w, https:\/\/www.festivalcinemaenliberte.com\/wp-content\/uploads\/2021\/07\/chalucet-150x84.webp 150w, https:\/\/www.festivalcinemaenliberte.com\/wp-content\/uploads\/2021\/07\/chalucet-768x428.webp 768w, https:\/\/www.festivalcinemaenliberte.com\/wp-content\/uploads\/2021\/07\/chalucet-1536x856.webp 1536w\" sizes=\"(max-width: 2000px) 100vw, 2000px\" \/><\/p><p>\u00a0<\/p><p>\u00a0<\/p><p>\u00a0<\/p><p>\u00a0<\/p><p>\u00a0<\/p><p>\u00a0<\/p><p style=\"text-align: left;\"><iframe style=\"border: 0;\" src=\"https:\/\/www.google.com\/maps\/embed?pb=!1m18!1m12!1m3!1d2911.890392797054!2d5.924595915710582!3d43.12782869426093!2m3!1f0!2f0!3f0!3m2!1i1024!2i768!4f13.1!3m3!1m2!1s0x12c91bfb78a03c4f%3A0x5b9d4ba11837b41!2sM%C3%A9diath%C3%A8que%20Chalucet!5e0!3m2!1sfr!2sfr!4v1627050904888!5m2!1sfr!2sfr\" width=\"400\" height=\"300\" allowfullscreen=\"allowfullscreen\"><\/iframe><\/p><p>\u00a0<\/p><ul><li>Accueil public (moins de 8 ans) : 10h00 &#8211; 10h15 :<\/li><li>Pr\u00e9sentation du d\u00e9roulement de la nouvelle s\u00e9ance \u00e0 destination du jeune public<\/li><li>Projection programme &#8211; moins de 8 ans (40 min) : 10h20 &#8211; 11h00<\/li><li>Int\u00e9gration du court m\u00e9trage d\u2019animation Bleu Nuit de l\u2019intervenant David Myriam<\/li><li>Pause collation : 11h00 &#8211; 11h15<\/li><li>Atelier \u00e9ducation \u00e0 l\u2019image Sand Art : 11h20 &#8211; 12h00<\/li><li>Pause d\u00e9jeuner : 12h00 &#8211; 13h00<\/li><li>Accueil du public de plus de 8 ans : 13h00 &#8211; 13h15<\/li><li>Pr\u00e9sentation du d\u00e9roulement de la nouvelle s\u00e9ance \u00e0 destination du jeune public<\/li><li>Projection \/ programme &#8211; 8 ans et plus (1h20) : 13h20 &#8211; 14h40 Int\u00e9gration du court m\u00e9trage d\u2019animation Rezign de l\u2019intervenant David Myriam<\/li><li>Pause rafraichissement : 14h45 &#8211; 15h00<\/li><li>Atelier \u00e9ducation \u00e0 l\u2019image Sand Art : 15h00 &#8211; 15h30<\/li><li>Fin de la journ\u00e9e<\/li><\/ul><p>\u00a0<\/p><p style=\"text-align: left;\"><b>SAMEDI 28 AOUT <\/b><b>TOUR ROYALE:<\/b><\/p><ul><li>Ouverture des portes : 19h00<\/li><li>Concert : 19h30 &#8211; 20h30 : Matt B et CAPTAIN XXI<\/li><\/ul><p style=\"text-align: center;\"><img loading=\"lazy\" decoding=\"async\" class=\"alignleft wp-image-601 size-full\" src=\"https:\/\/www.festivalcinemaenliberte.com\/wp-content\/uploads\/2021\/07\/capatain.webp\" alt=\"\" width=\"233\" height=\"142\" srcset=\"https:\/\/www.festivalcinemaenliberte.com\/wp-content\/uploads\/2021\/07\/capatain.webp 233w, https:\/\/www.festivalcinemaenliberte.com\/wp-content\/uploads\/2021\/07\/capatain-150x91.webp 150w, https:\/\/www.festivalcinemaenliberte.com\/wp-content\/uploads\/2021\/07\/capatain-24x15.jpg 24w, https:\/\/www.festivalcinemaenliberte.com\/wp-content\/uploads\/2021\/07\/capatain-36x22.jpg 36w, https:\/\/www.festivalcinemaenliberte.com\/wp-content\/uploads\/2021\/07\/capatain-48x29.jpg 48w\" sizes=\"(max-width: 233px) 100vw, 233px\" \/> <img loading=\"lazy\" decoding=\"async\" class=\"alignleft wp-image-602 size-full\" src=\"https:\/\/www.festivalcinemaenliberte.com\/wp-content\/uploads\/2021\/07\/matt.webp\" alt=\"\" width=\"368\" height=\"217\" srcset=\"https:\/\/www.festivalcinemaenliberte.com\/wp-content\/uploads\/2021\/07\/matt.webp 368w, https:\/\/www.festivalcinemaenliberte.com\/wp-content\/uploads\/2021\/07\/matt-150x88.webp 150w, https:\/\/www.festivalcinemaenliberte.com\/wp-content\/uploads\/2021\/07\/matt-300x177.jpg 300w, https:\/\/www.festivalcinemaenliberte.com\/wp-content\/uploads\/2021\/07\/matt-24x14.jpg 24w, https:\/\/www.festivalcinemaenliberte.com\/wp-content\/uploads\/2021\/07\/matt-36x21.jpg 36w, https:\/\/www.festivalcinemaenliberte.com\/wp-content\/uploads\/2021\/07\/matt-48x28.jpg 48w\" sizes=\"(max-width: 368px) 100vw, 368px\" \/><\/p><p>\u00a0<\/p><p>\u00a0<\/p><p>\u00a0<\/p><p>\u00a0<\/p><p>\u00a0<\/p><p>\u00a0<\/p><p>\u00a0<\/p><p style=\"text-align: left;\"><strong>Performance en duo<\/strong><\/p><p><strong>Matt B :<\/strong> Matthieu Belleville a commenc\u00e9 le street art dans les ann\u00e9es 90. Avec un style bien \u00e0 lui, il exp\u00e9rimente la plume, l\u2019encre, l\u2019acrylique avec ses peintures sur toile, mais aussi la gravure, la s\u00e9rigraphie et la sculpture pour d\u00e9passer les fronti\u00e8res du graffiti.<\/p><p><strong>CAPTAIN XXI :<\/strong> \u00ab L\u2019image \u00e0 certainement autant de force que les mots ou la parole et cela m\u2019inspire compl\u00e8tement ! \u00bb.<br \/>Ce sont les paroles de Captain XXI \u00e0 propos de sa participation au Festival Cin\u00e9ma en Libert\u00e9. Pour lui, le pouvoir de l\u2019image est tr\u00e8s proche des \u00e9motions que transmettent la musique.<\/p><p>\u00a0<\/p><ul><li>Pr\u00e9sentation du festival : 20h45<\/li><li>Projection premi\u00e8re partie : 2Ih -22h30<\/li><li>Entracte et pr\u00e9sentation des r\u00e9alisateurs pr\u00e9sents: 22h30 -23h<\/li><li>Projection deuxi\u00e8me partie : 23h &#8211; 00h30<\/li><li>Cl\u00f4ture de l\u2019\u00e9v\u00e8nement : 00h30<\/li><li>Fermeture des portes : 1h<\/li><\/ul><p>\u00a0<\/p><p style=\"text-align: left;\"><strong>DIMANCHE 29 AOUT LE CINEMA LE ROYAL :<\/strong><\/p><p style=\"text-align: center;\"><img loading=\"lazy\" decoding=\"async\" class=\"alignleft wp-image-563 size-full\" src=\"https:\/\/www.festivalcinemaenliberte.com\/wp-content\/uploads\/2021\/07\/Royal-Toulon1-png.webp\" alt=\"\" width=\"1018\" height=\"737\" srcset=\"https:\/\/www.festivalcinemaenliberte.com\/wp-content\/uploads\/2021\/07\/Royal-Toulon1-png.webp 1018w, https:\/\/www.festivalcinemaenliberte.com\/wp-content\/uploads\/2021\/07\/Royal-Toulon1-150x109.webp 150w, https:\/\/www.festivalcinemaenliberte.com\/wp-content\/uploads\/2021\/07\/Royal-Toulon1-300x217.png 300w, https:\/\/www.festivalcinemaenliberte.com\/wp-content\/uploads\/2021\/07\/Royal-Toulon1-768x556.png 768w, https:\/\/www.festivalcinemaenliberte.com\/wp-content\/uploads\/2021\/07\/Royal-Toulon1-414x300.png 414w, https:\/\/www.festivalcinemaenliberte.com\/wp-content\/uploads\/2021\/07\/Royal-Toulon1-24x17.png 24w, https:\/\/www.festivalcinemaenliberte.com\/wp-content\/uploads\/2021\/07\/Royal-Toulon1-36x26.png 36w, https:\/\/www.festivalcinemaenliberte.com\/wp-content\/uploads\/2021\/07\/Royal-Toulon1-48x35.png 48w\" sizes=\"(max-width: 1018px) 100vw, 1018px\" \/><\/p><p>\u00a0<\/p><p>\u00a0<\/p><p>\u00a0<\/p><p>\u00a0<\/p><p>\u00a0<\/p><p>\u00a0<\/p><p>\u00a0<\/p><p>\u00a0<\/p><p style=\"text-align: left;\"><iframe style=\"border: 0;\" src=\"https:\/\/www.google.com\/maps\/embed?pb=!1m18!1m12!1m3!1d2912.028952257454!2d5.927796615710503!3d43.12491799444739!2m3!1f0!2f0!3f0!3m2!1i1024!2i768!4f13.1!3m3!1m2!1s0x12c91b11d72e8a99%3A0xeabdb383aa825f10!2sCin%C3%A9ma%20Le%20Royal!5e0!3m2!1sfr!2sfr!4v1627050616403!5m2!1sfr!2sfr\" width=\"400\" height=\"300\" allowfullscreen=\"allowfullscreen\"><\/iframe><\/p><p>\u00a0<\/p><ul><li>Projection du film d\u2019ouverture (carte blanche au parrain du festival Michael Busse)\u00a0: 18h30<\/li><li>C\u00e9r\u00e9monie de cl\u00f4ture et projection des films prim\u00e9s\u00a0: 19h00<\/li><\/ul><p>\u00a0<\/p><p><img loading=\"lazy\" decoding=\"async\" class=\"alignleft size-full wp-image-548\" src=\"http:\/\/www.festivalcinemaenliberte.com\/wp-content\/uploads\/2021\/07\/logopass.jpg\" alt=\"\" width=\"96\" height=\"72\" \/><strong>Suite aux annonces gouvernementales le pass sanitaire vous sera demand\u00e9 pour acc\u00e9der au festival !<br \/>Les &#8211; de 12 ans ne sont pas concern\u00e9s.<br \/>Pr\u00e9sentation d&rsquo;un test PCR (datant de &#8211; de 2 jours, soit 48h avant l&rsquo;\u00e9v\u00e8nement)<br \/>Ou pr\u00e9sentation de son pass vaccinal (\u00e0 t\u00e9l\u00e9charger ou \u00e0 imprimer sur le portail <a href=\"https:\/\/www.ameli.fr\/\" target=\"_blank\" rel=\"noopener\">ameli.fr<\/a>).<\/strong><\/p>\t\t\t\t\t\t\t\t<\/div>\n\t\t\t\t<\/div>\n\t\t\t\t\t<\/div>\n\t\t\t\t<\/div>\n\t\t\t\t<\/div>\n\t\t","protected":false},"excerpt":{"rendered":"<p>BIENVENUE AU FESTIVAL INTERNATIONAL DE COURT METRAGE \u00ab\u00a0CIN\u00c9MA EN LIBERT\u00c9\u00a0\u00bb\u00a0 \u00a0 VENDREDI 27 AOUT TOUR ROYALE : \u00a0 Ouverture des portes : 19h00 \u00a0 \u00a0 \u00a0 \u00a0 \u00a0 \u00a0 \u00a0 &hellip;<\/p>\n","protected":false},"author":1,"featured_media":0,"parent":0,"menu_order":0,"comment_status":"closed","ping_status":"closed","template":"","meta":{"footnotes":""},"class_list":["post-371","page","type-page","status-publish","hentry"],"yoast_head":"<!-- This site is optimized with the Yoast SEO plugin v27.4 - https:\/\/yoast.com\/product\/yoast-seo-wordpress\/ -->\n<title>Edition 2021 - Festival Cin\u00e9ma en libert\u00e9<\/title>\n<meta name=\"description\" content=\"Festival Cin\u00e9ma en libert\u00e9\" \/>\n<meta name=\"robots\" content=\"index, follow, max-snippet:-1, max-image-preview:large, max-video-preview:-1\" \/>\n<link rel=\"canonical\" href=\"https:\/\/www.festivalcinemaenliberte.com\/index.php\/371-2\/\" \/>\n<meta property=\"og:locale\" content=\"fr_FR\" \/>\n<meta property=\"og:type\" content=\"article\" \/>\n<meta property=\"og:title\" content=\"Edition 2021 - Festival Cin\u00e9ma en libert\u00e9\" \/>\n<meta property=\"og:description\" content=\"Festival Cin\u00e9ma en libert\u00e9\" \/>\n<meta property=\"og:url\" content=\"https:\/\/www.festivalcinemaenliberte.com\/index.php\/371-2\/\" \/>\n<meta property=\"og:site_name\" content=\"Festival Cin\u00e9ma en libert\u00e9\" \/>\n<meta property=\"article:publisher\" content=\"https:\/\/www.facebook.com\/cinemaenliberte\" \/>\n<meta property=\"article:modified_time\" content=\"2025-10-22T22:41:59+00:00\" \/>\n<meta property=\"og:image\" content=\"https:\/\/www.festivalcinemaenliberte.com\/wp-content\/uploads\/2021\/07\/3709seve04.webp\" \/>\n<meta name=\"twitter:card\" content=\"summary_large_image\" \/>\n<meta name=\"twitter:label1\" content=\"Dur\u00e9e de lecture estim\u00e9e\" \/>\n\t<meta name=\"twitter:data1\" content=\"4 minutes\" \/>\n<script type=\"application\/ld+json\" class=\"yoast-schema-graph\">{\"@context\":\"https:\\\/\\\/schema.org\",\"@graph\":[{\"@type\":\"WebPage\",\"@id\":\"https:\\\/\\\/www.festivalcinemaenliberte.com\\\/index.php\\\/371-2\\\/\",\"url\":\"https:\\\/\\\/www.festivalcinemaenliberte.com\\\/index.php\\\/371-2\\\/\",\"name\":\"Edition 2021 - Festival Cin\u00e9ma en libert\u00e9\",\"isPartOf\":{\"@id\":\"https:\\\/\\\/www.festivalcinemaenliberte.com\\\/#website\"},\"primaryImageOfPage\":{\"@id\":\"https:\\\/\\\/www.festivalcinemaenliberte.com\\\/index.php\\\/371-2\\\/#primaryimage\"},\"image\":{\"@id\":\"https:\\\/\\\/www.festivalcinemaenliberte.com\\\/index.php\\\/371-2\\\/#primaryimage\"},\"thumbnailUrl\":\"https:\\\/\\\/www.festivalcinemaenliberte.com\\\/wp-content\\\/uploads\\\/2021\\\/07\\\/3709seve04.webp\",\"datePublished\":\"2021-07-01T10:57:36+00:00\",\"dateModified\":\"2025-10-22T22:41:59+00:00\",\"description\":\"Festival Cin\u00e9ma en libert\u00e9\",\"breadcrumb\":{\"@id\":\"https:\\\/\\\/www.festivalcinemaenliberte.com\\\/index.php\\\/371-2\\\/#breadcrumb\"},\"inLanguage\":\"fr-FR\",\"potentialAction\":[{\"@type\":\"ReadAction\",\"target\":[\"https:\\\/\\\/www.festivalcinemaenliberte.com\\\/index.php\\\/371-2\\\/\"]}]},{\"@type\":\"ImageObject\",\"inLanguage\":\"fr-FR\",\"@id\":\"https:\\\/\\\/www.festivalcinemaenliberte.com\\\/index.php\\\/371-2\\\/#primaryimage\",\"url\":\"https:\\\/\\\/www.festivalcinemaenliberte.com\\\/wp-content\\\/uploads\\\/2021\\\/07\\\/3709seve04.webp\",\"contentUrl\":\"https:\\\/\\\/www.festivalcinemaenliberte.com\\\/wp-content\\\/uploads\\\/2021\\\/07\\\/3709seve04.webp\",\"width\":1280,\"height\":871},{\"@type\":\"BreadcrumbList\",\"@id\":\"https:\\\/\\\/www.festivalcinemaenliberte.com\\\/index.php\\\/371-2\\\/#breadcrumb\",\"itemListElement\":[{\"@type\":\"ListItem\",\"position\":1,\"name\":\"Accueil\",\"item\":\"https:\\\/\\\/www.festivalcinemaenliberte.com\\\/\"},{\"@type\":\"ListItem\",\"position\":2,\"name\":\"Edition 2021\"}]},{\"@type\":\"WebSite\",\"@id\":\"https:\\\/\\\/www.festivalcinemaenliberte.com\\\/#website\",\"url\":\"https:\\\/\\\/www.festivalcinemaenliberte.com\\\/\",\"name\":\"Festival international Cin\u00e9ma en libert\u00e9\",\"description\":\"Festival international de courts m\u00e9trages\",\"publisher\":{\"@id\":\"https:\\\/\\\/www.festivalcinemaenliberte.com\\\/#organization\"},\"potentialAction\":[{\"@type\":\"SearchAction\",\"target\":{\"@type\":\"EntryPoint\",\"urlTemplate\":\"https:\\\/\\\/www.festivalcinemaenliberte.com\\\/?s={search_term_string}\"},\"query-input\":{\"@type\":\"PropertyValueSpecification\",\"valueRequired\":true,\"valueName\":\"search_term_string\"}}],\"inLanguage\":\"fr-FR\"},{\"@type\":\"Organization\",\"@id\":\"https:\\\/\\\/www.festivalcinemaenliberte.com\\\/#organization\",\"name\":\"Festival international de courts m\u00e9trages Cin\u00e9ma en libert\u00e9\",\"url\":\"https:\\\/\\\/www.festivalcinemaenliberte.com\\\/\",\"logo\":{\"@type\":\"ImageObject\",\"inLanguage\":\"fr-FR\",\"@id\":\"https:\\\/\\\/www.festivalcinemaenliberte.com\\\/#\\\/schema\\\/logo\\\/image\\\/\",\"url\":\"https:\\\/\\\/www.festivalcinemaenliberte.com\\\/wp-content\\\/uploads\\\/2024\\\/05\\\/logonew3-png.webp\",\"contentUrl\":\"https:\\\/\\\/www.festivalcinemaenliberte.com\\\/wp-content\\\/uploads\\\/2024\\\/05\\\/logonew3-png.webp\",\"width\":816,\"height\":1056,\"caption\":\"Festival international de courts m\u00e9trages Cin\u00e9ma en libert\u00e9\"},\"image\":{\"@id\":\"https:\\\/\\\/www.festivalcinemaenliberte.com\\\/#\\\/schema\\\/logo\\\/image\\\/\"},\"sameAs\":[\"https:\\\/\\\/www.facebook.com\\\/cinemaenliberte\"]}]}<\/script>\n<!-- \/ Yoast SEO plugin. -->","yoast_head_json":{"title":"Edition 2021 - Festival Cin\u00e9ma en libert\u00e9","description":"Festival Cin\u00e9ma en libert\u00e9","robots":{"index":"index","follow":"follow","max-snippet":"max-snippet:-1","max-image-preview":"max-image-preview:large","max-video-preview":"max-video-preview:-1"},"canonical":"https:\/\/www.festivalcinemaenliberte.com\/index.php\/371-2\/","og_locale":"fr_FR","og_type":"article","og_title":"Edition 2021 - Festival Cin\u00e9ma en libert\u00e9","og_description":"Festival Cin\u00e9ma en libert\u00e9","og_url":"https:\/\/www.festivalcinemaenliberte.com\/index.php\/371-2\/","og_site_name":"Festival Cin\u00e9ma en libert\u00e9","article_publisher":"https:\/\/www.facebook.com\/cinemaenliberte","article_modified_time":"2025-10-22T22:41:59+00:00","og_image":[{"url":"https:\/\/www.festivalcinemaenliberte.com\/wp-content\/uploads\/2021\/07\/3709seve04.webp","type":"","width":"","height":""}],"twitter_card":"summary_large_image","twitter_misc":{"Dur\u00e9e de lecture estim\u00e9e":"4 minutes"},"schema":{"@context":"https:\/\/schema.org","@graph":[{"@type":"WebPage","@id":"https:\/\/www.festivalcinemaenliberte.com\/index.php\/371-2\/","url":"https:\/\/www.festivalcinemaenliberte.com\/index.php\/371-2\/","name":"Edition 2021 - Festival Cin\u00e9ma en libert\u00e9","isPartOf":{"@id":"https:\/\/www.festivalcinemaenliberte.com\/#website"},"primaryImageOfPage":{"@id":"https:\/\/www.festivalcinemaenliberte.com\/index.php\/371-2\/#primaryimage"},"image":{"@id":"https:\/\/www.festivalcinemaenliberte.com\/index.php\/371-2\/#primaryimage"},"thumbnailUrl":"https:\/\/www.festivalcinemaenliberte.com\/wp-content\/uploads\/2021\/07\/3709seve04.webp","datePublished":"2021-07-01T10:57:36+00:00","dateModified":"2025-10-22T22:41:59+00:00","description":"Festival Cin\u00e9ma en libert\u00e9","breadcrumb":{"@id":"https:\/\/www.festivalcinemaenliberte.com\/index.php\/371-2\/#breadcrumb"},"inLanguage":"fr-FR","potentialAction":[{"@type":"ReadAction","target":["https:\/\/www.festivalcinemaenliberte.com\/index.php\/371-2\/"]}]},{"@type":"ImageObject","inLanguage":"fr-FR","@id":"https:\/\/www.festivalcinemaenliberte.com\/index.php\/371-2\/#primaryimage","url":"https:\/\/www.festivalcinemaenliberte.com\/wp-content\/uploads\/2021\/07\/3709seve04.webp","contentUrl":"https:\/\/www.festivalcinemaenliberte.com\/wp-content\/uploads\/2021\/07\/3709seve04.webp","width":1280,"height":871},{"@type":"BreadcrumbList","@id":"https:\/\/www.festivalcinemaenliberte.com\/index.php\/371-2\/#breadcrumb","itemListElement":[{"@type":"ListItem","position":1,"name":"Accueil","item":"https:\/\/www.festivalcinemaenliberte.com\/"},{"@type":"ListItem","position":2,"name":"Edition 2021"}]},{"@type":"WebSite","@id":"https:\/\/www.festivalcinemaenliberte.com\/#website","url":"https:\/\/www.festivalcinemaenliberte.com\/","name":"Festival international Cin\u00e9ma en libert\u00e9","description":"Festival international de courts m\u00e9trages","publisher":{"@id":"https:\/\/www.festivalcinemaenliberte.com\/#organization"},"potentialAction":[{"@type":"SearchAction","target":{"@type":"EntryPoint","urlTemplate":"https:\/\/www.festivalcinemaenliberte.com\/?s={search_term_string}"},"query-input":{"@type":"PropertyValueSpecification","valueRequired":true,"valueName":"search_term_string"}}],"inLanguage":"fr-FR"},{"@type":"Organization","@id":"https:\/\/www.festivalcinemaenliberte.com\/#organization","name":"Festival international de courts m\u00e9trages Cin\u00e9ma en libert\u00e9","url":"https:\/\/www.festivalcinemaenliberte.com\/","logo":{"@type":"ImageObject","inLanguage":"fr-FR","@id":"https:\/\/www.festivalcinemaenliberte.com\/#\/schema\/logo\/image\/","url":"https:\/\/www.festivalcinemaenliberte.com\/wp-content\/uploads\/2024\/05\/logonew3-png.webp","contentUrl":"https:\/\/www.festivalcinemaenliberte.com\/wp-content\/uploads\/2024\/05\/logonew3-png.webp","width":816,"height":1056,"caption":"Festival international de courts m\u00e9trages Cin\u00e9ma en libert\u00e9"},"image":{"@id":"https:\/\/www.festivalcinemaenliberte.com\/#\/schema\/logo\/image\/"},"sameAs":["https:\/\/www.facebook.com\/cinemaenliberte"]}]}},"_links":{"self":[{"href":"https:\/\/www.festivalcinemaenliberte.com\/index.php\/wp-json\/wp\/v2\/pages\/371","targetHints":{"allow":["GET"]}}],"collection":[{"href":"https:\/\/www.festivalcinemaenliberte.com\/index.php\/wp-json\/wp\/v2\/pages"}],"about":[{"href":"https:\/\/www.festivalcinemaenliberte.com\/index.php\/wp-json\/wp\/v2\/types\/page"}],"author":[{"embeddable":true,"href":"https:\/\/www.festivalcinemaenliberte.com\/index.php\/wp-json\/wp\/v2\/users\/1"}],"replies":[{"embeddable":true,"href":"https:\/\/www.festivalcinemaenliberte.com\/index.php\/wp-json\/wp\/v2\/comments?post=371"}],"version-history":[{"count":0,"href":"https:\/\/www.festivalcinemaenliberte.com\/index.php\/wp-json\/wp\/v2\/pages\/371\/revisions"}],"wp:attachment":[{"href":"https:\/\/www.festivalcinemaenliberte.com\/index.php\/wp-json\/wp\/v2\/media?parent=371"}],"curies":[{"name":"wp","href":"https:\/\/api.w.org\/{rel}","templated":true}]}}